{"id":2,"date":"2019-03-20T21:47:22","date_gmt":"2019-03-20T21:47:22","guid":{"rendered":"http:\/\/adorodancar.com.br\/blog\/?page_id=2"},"modified":"2020-07-09T14:51:44","modified_gmt":"2020-07-09T14:51:44","slug":"sobre","status":"publish","type":"page","link":"https:\/\/adorodancar.com.br\/blog\/sobre\/","title":{"rendered":"Sobre"},"content":{"rendered":"<p><span class=\"TextRun SCXW117744235 BCX0\" lang=\"PT-BR\" xml:lang=\"PT-BR\" data-contrast=\"none\"><span class=\"NormalTextRun SCXW117744235 BCX0\">Este projeto \u00e9 um canal de comunica\u00e7\u00e3o de dan\u00e7a com foco na divulga\u00e7\u00e3o de<\/span><\/span><span class=\"TextRun SCXW117744235 BCX0\" lang=\"PT-BR\" xml:lang=\"PT-BR\" data-contrast=\"none\"><span class=\"NormalTextRun SCXW117744235 BCX0\"> conte\u00fado acerca de dan\u00e7a em geral e \u00e9 direcionado a todo mundo que adora esta arte. O principal objetivo deste site \u00e9 agregar informa\u00e7\u00f5es sobre dan\u00e7a dispon\u00edveis na internet num \u00fanico canal e facilitar acesso aos que adoram dan\u00e7ar \u00e0 esta vasta quantidade deste conte\u00fado.<\/span><\/span><\/p>\n","protected":false},"excerpt":{"rendered":"<p>Este projeto \u00e9 um canal de comunica\u00e7\u00e3o de dan\u00e7a com foco na divulga\u00e7\u00e3o de conte\u00fado acerca de dan\u00e7a em geral e \u00e9 direcionado a todo mundo que adora esta arte. O principal objetivo deste site \u00e9 agregar informa\u00e7\u00f5es sobre dan\u00e7a dispon\u00edveis na internet num \u00fanico canal e facilitar acesso aos que adoram dan\u00e7ar \u00e0 esta vasta quantidade deste conte\u00fado.<\/p>\n","protected":false},"author":1,"featured_media":0,"parent":0,"menu_order":0,"comment_status":"closed","ping_status":"open","template":"","meta":{"_mi_skip_tracking":false},"yoast_head":"<!-- This site is optimized with the Yoast SEO plugin v14.2 - https:\/\/yoast.com\/wordpress\/plugins\/seo\/ -->\n<title>Sobre - Adoro Dan\u00e7ar<\/title>\n<meta name=\"description\" content=\"Este projeto \u00e9 um canal para todos os interessados sobre a arte da dan\u00e7a e que adoram esta arte atrav\u00e9s de disponibiliza\u00e7\u00e3o de conte\u00fado de qualidade.\" \/>\n<meta name=\"robots\" content=\"index, follow\" \/>\n<meta name=\"googlebot\" content=\"index, follow, max-snippet:-1, max-image-preview:large, max-video-preview:-1\" \/>\n<meta name=\"bingbot\" content=\"index, follow, max-snippet:-1, max-image-preview:large, max-video-preview:-1\" \/>\n<link rel=\"canonical\" href=\"https:\/\/adorodancar.com.br\/blog\/sobre\/\" \/>\n<meta property=\"og:locale\" content=\"pt_BR\" \/>\n<meta property=\"og:type\" content=\"article\" \/>\n<meta property=\"og:title\" content=\"Sobre - Adoro Dan\u00e7ar\" \/>\n<meta property=\"og:description\" content=\"Este projeto \u00e9 um canal para todos os interessados sobre a arte da dan\u00e7a e que adoram esta arte atrav\u00e9s de disponibiliza\u00e7\u00e3o de conte\u00fado de qualidade.\" \/>\n<meta property=\"og:url\" content=\"https:\/\/adorodancar.com.br\/blog\/sobre\/\" \/>\n<meta property=\"og:site_name\" content=\"Adoro Dan\u00e7ar\" \/>\n<meta property=\"article:publisher\" content=\"https:\/\/www.facebook.com\/adorodancaradois\" \/>\n<meta property=\"article:modified_time\" content=\"2020-07-09T14:51:44+00:00\" \/>\n<meta name=\"twitter:card\" content=\"summary_large_image\" \/>\n<meta name=\"twitter:creator\" content=\"@adoro_dancar\" \/>\n<meta name=\"twitter:site\" content=\"@adoro_dancar\" \/>\n<script type=\"application\/ld+json\" class=\"yoast-schema-graph\">{\"@context\":\"https:\/\/schema.org\",\"@graph\":[{\"@type\":\"WebSite\",\"@id\":\"https:\/\/adorodancar.com.br\/blog\/#website\",\"url\":\"https:\/\/adorodancar.com.br\/blog\/\",\"name\":\"Adoro Dan\\u00e7ar\",\"description\":\"Site para todos que adoram dan\\u00e7ar\",\"potentialAction\":[{\"@type\":\"SearchAction\",\"target\":\"https:\/\/adorodancar.com.br\/blog\/?s={search_term_string}\",\"query-input\":\"required name=search_term_string\"}],\"inLanguage\":\"pt-BR\"},{\"@type\":\"WebPage\",\"@id\":\"https:\/\/adorodancar.com.br\/blog\/sobre\/#webpage\",\"url\":\"https:\/\/adorodancar.com.br\/blog\/sobre\/\",\"name\":\"Sobre - Adoro Dan\\u00e7ar\",\"isPartOf\":{\"@id\":\"https:\/\/adorodancar.com.br\/blog\/#website\"},\"datePublished\":\"2019-03-20T21:47:22+00:00\",\"dateModified\":\"2020-07-09T14:51:44+00:00\",\"description\":\"Este projeto \\u00e9 um canal para todos os interessados sobre a arte da dan\\u00e7a e que adoram esta arte atrav\\u00e9s de disponibiliza\\u00e7\\u00e3o de conte\\u00fado de qualidade.\",\"inLanguage\":\"pt-BR\",\"potentialAction\":[{\"@type\":\"ReadAction\",\"target\":[\"https:\/\/adorodancar.com.br\/blog\/sobre\/\"]}]}]}<\/script>\n<!-- \/ Yoast SEO plugin. -->","_links":{"self":[{"href":"https:\/\/adorodancar.com.br\/blog\/wp-json\/wp\/v2\/pages\/2"}],"collection":[{"href":"https:\/\/adorodancar.com.br\/blog\/wp-json\/wp\/v2\/pages"}],"about":[{"href":"https:\/\/adorodancar.com.br\/blog\/wp-json\/wp\/v2\/types\/page"}],"author":[{"embeddable":true,"href":"https:\/\/adorodancar.com.br\/blog\/wp-json\/wp\/v2\/users\/1"}],"replies":[{"embeddable":true,"href":"https:\/\/adorodancar.com.br\/blog\/wp-json\/wp\/v2\/comments?post=2"}],"version-history":[{"count":10,"href":"https:\/\/adorodancar.com.br\/blog\/wp-json\/wp\/v2\/pages\/2\/revisions"}],"predecessor-version":[{"id":264,"href":"https:\/\/adorodancar.com.br\/blog\/wp-json\/wp\/v2\/pages\/2\/revisions\/264"}],"wp:attachment":[{"href":"https:\/\/adorodancar.com.br\/blog\/wp-json\/wp\/v2\/media?parent=2"}],"curies":[{"name":"wp","href":"https:\/\/api.w.org\/{rel}","templated":true}]}}