{"id":86,"date":"2019-10-17T21:19:29","date_gmt":"2019-10-17T21:19:29","guid":{"rendered":"http:\/\/adorodancar.com.br\/blog\/?page_id=86"},"modified":"2022-12-21T20:43:22","modified_gmt":"2022-12-21T20:43:22","slug":"aonde-dancar-eventos","status":"publish","type":"page","link":"https:\/\/adorodancar.com.br\/blog\/aonde-dancar-eventos\/","title":{"rendered":"Aonde Dan\u00e7ar? (Eventos)"},"content":{"rendered":"<p>Que tal sair e se divertir para dan\u00e7ar? Confira uma lista de eventos de dan\u00e7a que est\u00e3o programados.<\/p>\n","protected":false},"excerpt":{"rendered":"<p>Que tal sair e se divertir para dan\u00e7ar? Confira uma lista de eventos de dan\u00e7a que est\u00e3o programados.<\/p>\n","protected":false},"author":1,"featured_media":0,"parent":0,"menu_order":0,"comment_status":"open","ping_status":"closed","template":"listevents.php","meta":{"_mi_skip_tracking":false},"yoast_head":"<!-- This site is optimized with the Yoast SEO plugin v14.2 - https:\/\/yoast.com\/wordpress\/plugins\/seo\/ -->\n<title>Aonde Dan\u00e7ar? (Eventos) - Adoro Dan\u00e7ar<\/title>\n<meta name=\"description\" content=\"Buscando se divertir nos pr\u00f3ximos dias e se divertir dan\u00e7ando? Descubra os principais eventos ou baladas dispon\u00edveis em sua regi\u00e3o.\" \/>\n<meta name=\"robots\" content=\"index, follow\" \/>\n<meta name=\"googlebot\" content=\"index, follow, max-snippet:-1, max-image-preview:large, max-video-preview:-1\" \/>\n<meta name=\"bingbot\" content=\"index, follow, max-snippet:-1, max-image-preview:large, max-video-preview:-1\" \/>\n<link rel=\"canonical\" href=\"https:\/\/adorodancar.com.br\/blog\/aonde-dancar-eventos\/\" \/>\n<meta property=\"og:locale\" content=\"pt_BR\" \/>\n<meta property=\"og:type\" content=\"article\" \/>\n<meta property=\"og:title\" content=\"Aonde Dan\u00e7ar? (Eventos) - Adoro Dan\u00e7ar\" \/>\n<meta property=\"og:description\" content=\"Buscando se divertir nos pr\u00f3ximos dias e se divertir dan\u00e7ando? Descubra os principais eventos ou baladas dispon\u00edveis em sua regi\u00e3o.\" \/>\n<meta property=\"og:url\" content=\"https:\/\/adorodancar.com.br\/blog\/aonde-dancar-eventos\/\" \/>\n<meta property=\"og:site_name\" content=\"Adoro Dan\u00e7ar\" \/>\n<meta property=\"article:publisher\" content=\"https:\/\/www.facebook.com\/adorodancaradois\" \/>\n<meta property=\"article:modified_time\" content=\"2022-12-21T20:43:22+00:00\" \/>\n<meta name=\"twitter:card\" content=\"summary_large_image\" \/>\n<meta name=\"twitter:creator\" content=\"@adoro_dancar\" \/>\n<meta name=\"twitter:site\" content=\"@adoro_dancar\" \/>\n<script type=\"application\/ld+json\" class=\"yoast-schema-graph\">{\"@context\":\"https:\/\/schema.org\",\"@graph\":[{\"@type\":\"WebSite\",\"@id\":\"https:\/\/adorodancar.com.br\/blog\/#website\",\"url\":\"https:\/\/adorodancar.com.br\/blog\/\",\"name\":\"Adoro Dan\\u00e7ar\",\"description\":\"Site para todos que adoram dan\\u00e7ar\",\"potentialAction\":[{\"@type\":\"SearchAction\",\"target\":\"https:\/\/adorodancar.com.br\/blog\/?s={search_term_string}\",\"query-input\":\"required name=search_term_string\"}],\"inLanguage\":\"pt-BR\"},{\"@type\":\"WebPage\",\"@id\":\"https:\/\/adorodancar.com.br\/blog\/aonde-dancar-eventos\/#webpage\",\"url\":\"https:\/\/adorodancar.com.br\/blog\/aonde-dancar-eventos\/\",\"name\":\"Aonde Dan\\u00e7ar? (Eventos) - Adoro Dan\\u00e7ar\",\"isPartOf\":{\"@id\":\"https:\/\/adorodancar.com.br\/blog\/#website\"},\"datePublished\":\"2019-10-17T21:19:29+00:00\",\"dateModified\":\"2022-12-21T20:43:22+00:00\",\"description\":\"Buscando se divertir nos pr\\u00f3ximos dias e se divertir dan\\u00e7ando? Descubra os principais eventos ou baladas dispon\\u00edveis em sua regi\\u00e3o.\",\"inLanguage\":\"pt-BR\",\"potentialAction\":[{\"@type\":\"ReadAction\",\"target\":[\"https:\/\/adorodancar.com.br\/blog\/aonde-dancar-eventos\/\"]}]}]}<\/script>\n<!-- \/ Yoast SEO plugin. -->","_links":{"self":[{"href":"https:\/\/adorodancar.com.br\/blog\/wp-json\/wp\/v2\/pages\/86"}],"collection":[{"href":"https:\/\/adorodancar.com.br\/blog\/wp-json\/wp\/v2\/pages"}],"about":[{"href":"https:\/\/adorodancar.com.br\/blog\/wp-json\/wp\/v2\/types\/page"}],"author":[{"embeddable":true,"href":"https:\/\/adorodancar.com.br\/blog\/wp-json\/wp\/v2\/users\/1"}],"replies":[{"embeddable":true,"href":"https:\/\/adorodancar.com.br\/blog\/wp-json\/wp\/v2\/comments?post=86"}],"version-history":[{"count":51,"href":"https:\/\/adorodancar.com.br\/blog\/wp-json\/wp\/v2\/pages\/86\/revisions"}],"predecessor-version":[{"id":502,"href":"https:\/\/adorodancar.com.br\/blog\/wp-json\/wp\/v2\/pages\/86\/revisions\/502"}],"wp:attachment":[{"href":"https:\/\/adorodancar.com.br\/blog\/wp-json\/wp\/v2\/media?parent=86"}],"curies":[{"name":"wp","href":"https:\/\/api.w.org\/{rel}","templated":true}]}}